{"id":103,"date":"2022-03-29T09:12:40","date_gmt":"2022-03-29T13:12:40","guid":{"rendered":"https:\/\/workersvoiceus.org\/?page_id=103"},"modified":"2022-08-12T16:57:14","modified_gmt":"2022-08-12T20:57:14","slug":"education-2","status":"publish","type":"page","link":"https:\/\/workersvoiceus.org\/es\/education-2\/","title":{"rendered":"Educaci\u00f3n"},"content":{"rendered":"<\/p>\n<h1>Educaci\u00f3n Pol\u00edtica<\/h1>\n<h2>Introducci\u00f3n al marxismo<\/h2>\n<p>Aqu\u00ed se puede encontrar una selecci\u00f3n de obras &#8220;cl\u00e1sicas&#8221; del marxismo, y tambi\u00e9n otros textos breves que hemos escrito nosotros que resumen las ideas del marxismo de una manera accesible. \u00a0<\/p>\n<h3>\u00bfQu\u00e9 es el capitalismo?<\/h3>\n<p><em>El marxismo se fundamenta en un analisis de la econom\u00eda para poder entender c\u00f3mo funciona el capitalismo, c\u00f3mo explota a las personas, y c\u00f3mo se puede derrotar.<\/em><\/p>\n<ul>\n<li>Sapir, C. <span style=\"text-decoration: underline;\"> <a href=\"https:\/\/lavozlit.com\/es\/primitive-accumulation-and-the-origin-of-private-property\/\">\u00bfCuales son los origenes de la propiedad privada?<\/a> <\/span>(2020)<\/li>\n<li>Mandel, E.<span style=\"text-decoration: underline;\"> <a href=\"https:\/\/lavozlit.com\/es\/political-education\/mandel-e-an-introduction-to-marxist-economic-theory-1964-abridged\/\">Iniciaci\u00f3n a la teor\u00eda econ\u00f3mica marxista<\/a>,<\/span> (1964, abreviada)<\/li>\n<li>K. Marx y F. Engels<span style=\"text-decoration: underline;\">,\u201c<a href=\"https:\/\/lavozlit.com\/es\/proletarians-and-communists\/\">Burgueses y Proletarios<\/a>\u201d<\/span> del <i>Manifiesto del Partido Comunista (<\/i>1848)<\/li>\n<\/ul>\n<h3>\u00bfQue son el imperialismo, el anti-imperialismo, y el internacionalismo?<\/h3>\n<p><em>Las lecturas siguientes informan nuestro entendimiento del papel que tiene el imperialismo al nivel internacional, y la necesidad de siempre oponer el imperialismo y apoyar el internacionalismo en nuestra lucha<\/em><\/p>\n<ul>\n<li>Lenin, V. I. <span style=\"text-decoration: underline;\"><a href=\"https:\/\/wp.me\/P3hE3m-2Q8\">La Revoluci\u00f3n socialista y el derecho de las naciones a la autodeterminaci\u00f3n<\/a> <\/span>(1916, acortado)<\/li>\n<li>Lenin, V. I. <span style=\"text-decoration: underline;\"><a href=\"https:\/\/wp.me\/P3hE3m-2Yb\">Balance de una discusi\u00f3n sobre el derecho de las naciones a la autodeterminaci\u00f3n<\/a> <\/span>(1916, acortado)<\/li>\n<li>Lenin, V. I. <a href=\"https:\/\/wp.me\/P3hE3m-2Yo\"><span style=\"text-decoration: underline;\">Resoluci\u00f3n sobre el problema nacional Revoluci\u00f3n del 7 Congreso del P. O.S.D.R. (Bolchevique)<\/span> <\/a>(1917)<\/li>\n<li>Internacional Comunista<span style=\"text-decoration: underline;\">. <a href=\"https:\/\/wp.me\/P3hE3m-2Yw\">Tesis sobre las cuestiones nacional y colonial<\/a> <\/span>(1920, acortada)<\/li>\n<li>Trotsky, L. <span style=\"text-decoration: underline;\"><a href=\"https:\/\/wp.me\/P3hE3m-2YH\">\u201cLa cuesti\u00f3n nacional\u201d, La Historia de la Revoluci\u00f3n Rusa,<\/a><\/span> 1930<\/li>\n<li>Trotsky, L. <span style=\"text-decoration: underline;\"><a href=\"https:\/\/wp.me\/P3hE3m-2YT\">\u201cBalance y perspectivas sobre la Revoluci\u00f3n China\u201d<\/a><\/span> La Tercera Internacional despu\u00e9s de Lenin (1928)<\/li>\n<\/ul>\n<h2>An\u00e1lises de la historia<\/h2>\n<p><em>Nuestras teorias y practicas pol\u00edticas son basadas encima de un an\u00e1lisis serio de eventos historicos para entender y aprender de las victorias y derrotas pasadas. Esta secci\u00f3n sigue bajo construcci\u00f3n, y lo vamos a expandir gradualmente hasta que cubre lo m\u00e1s posible de la historia obrera<\/em> <strong>Palestina<\/strong><\/p>\n<ul>\n<li><span style=\"text-decoration: underline;\"><a href=\"https:\/\/wp.me\/P3hE3m-2Z4\">Palestina a principios del siglo XX<\/a><\/span> (2012)<\/li>\n<li>Wielmowicki, Jose. <span style=\"text-decoration: underline;\"><a href=\"https:\/\/wp.me\/P3hE3m-2Za\">EL DEBATE SOBRE LA CUESTI\u00d3N NACIONAL &#8211; PALESTINA E ISRAEL<\/a><\/span> (2018)<\/li>\n<li><span style=\"text-decoration: underline;\"><a href=\"https:\/\/wp.me\/P3hE3m-2Zh\">Sapir, Carlos. La resistencia de los palestinos despu\u00e9s de 1948<\/a><\/span> (2021)<\/li>\n<li>Wielmowicki, Jos\u00e9. <span style=\"text-decoration: underline;\"><a href=\"https:\/\/wp.me\/P3hE3m-2Zx\">El trotskismo mantuvo la defensa de la posici\u00f3n revolucionaria en palestina<\/a><\/span> (2018)<\/li>\n<li>SWP &#8211; <span style=\"text-decoration: underline;\"><a href=\"https:\/\/wp.me\/P3hE3m-2ZE\">Acuerdo sobre Israel y la revoluci\u00f3n \u00e1rabe<\/a><\/span> (1971)<\/li>\n<li>Sapir, Carlos. <span style=\"text-decoration: underline;\"><a href=\"https:\/\/wp.me\/P3hE3m-2Zp\">El pueblo jud\u00edo y el antisemitismo en el contexto contemporaneo<\/a><\/span> (2021)<\/li>\n<\/ul>\n<p>&nbsp;<\/p>\n<p>&nbsp;<\/p>\n<p>\n","protected":false},"excerpt":{"rendered":"<p>Educaci\u00f3n Pol\u00edtica Introducci\u00f3n al marxismo Aqu\u00ed se puede encontrar una selecci\u00f3n de obras &#8220;cl\u00e1sicas&#8221; del marxismo, y tambi\u00e9n otros textos breves que hemos escrito nosotros que resumen las ideas del marxismo de una manera accesible. \u00a0 \u00bfQu\u00e9 es el capitalismo? El marxismo se fundamenta en un analisis de la econom\u00eda para poder entender c\u00f3mo funciona [&hellip;]<\/p>\n","protected":false},"author":13882114,"featured_media":0,"parent":0,"menu_order":0,"comment_status":"closed","ping_status":"closed","template":"","meta":{"_crdt_document":"","footnotes":""},"class_list":["post-103","page","type-page","status-publish","hentry"],"translation":{"provider":"WPGlobus","version":"3.0.2","language":"es","enabled_languages":["en","es"],"languages":{"en":{"title":true,"content":true,"excerpt":false},"es":{"title":true,"content":true,"excerpt":false}}},"aioseo_notices":[],"jetpack_likes_enabled":true,"jetpack_sharing_enabled":true,"jetpack_shortlink":"https:\/\/wp.me\/PdQxqk-1F","amp_enabled":true,"_links":{"self":[{"href":"https:\/\/workersvoiceus.org\/es\/wp-json\/wp\/v2\/pages\/103","targetHints":{"allow":["GET"]}}],"collection":[{"href":"https:\/\/workersvoiceus.org\/es\/wp-json\/wp\/v2\/pages"}],"about":[{"href":"https:\/\/workersvoiceus.org\/es\/wp-json\/wp\/v2\/types\/page"}],"author":[{"embeddable":true,"href":"https:\/\/workersvoiceus.org\/es\/wp-json\/wp\/v2\/users\/13882114"}],"replies":[{"embeddable":true,"href":"https:\/\/workersvoiceus.org\/es\/wp-json\/wp\/v2\/comments?post=103"}],"version-history":[{"count":98,"href":"https:\/\/workersvoiceus.org\/es\/wp-json\/wp\/v2\/pages\/103\/revisions"}],"predecessor-version":[{"id":17131,"href":"https:\/\/workersvoiceus.org\/es\/wp-json\/wp\/v2\/pages\/103\/revisions\/17131"}],"wp:attachment":[{"href":"https:\/\/workersvoiceus.org\/es\/wp-json\/wp\/v2\/media?parent=103"}],"curies":[{"name":"wp","href":"https:\/\/api.w.org\/{rel}","templated":true}]}}